{"id":2838,"date":"2017-06-30T09:48:28","date_gmt":"2017-06-30T07:48:28","guid":{"rendered":"https:\/\/www.lareservedelaube.com\/contact-2\/"},"modified":"2024-01-25T17:32:57","modified_gmt":"2024-01-25T16:32:57","slug":"mentions-legales","status":"publish","type":"page","link":"https:\/\/www.lareservedelaube.com\/fr\/mentions-legales\/","title":{"rendered":"Mentions l\u00e9gales"},"content":{"rendered":"<div class=\"wpb-content-wrapper\"><div data-vc-full-width=\"true\" data-vc-full-width-temp=\"true\" data-vc-full-width-init=\"false\" data-vc-stretch-content=\"true\" data-vc-parallax=\"1.7\" data-vc-parallax-image=\"https:\/\/www.lareservedelaube.com\/wp-content\/uploads\/2021\/02\/unnamed-4.jpg\" class=\"vc_row wpb_row vc_row-fluid nd_options_vc_parallax_filter_1_2 vc_custom_1612445621418 vc_row-has-fill vc_row-no-padding vc_row-o-content-bottom vc_row-flex vc_general vc_parallax vc_parallax-content-moving\"><div class=\"wpb_column vc_column_container vc_col-sm-12\"><div class=\"vc_column-inner\"><div class=\"wpb_wrapper\">\n\t<div class=\"wpb_text_column wpb_content_element\" >\n\t\t<div class=\"wpb_wrapper\">\n\t\t\t<h1 style=\"text-align: center;\"><span style=\"color: #ffffff;\">Mentions l\u00e9gales<\/span><\/h1>\n\n\t\t<\/div>\n\t<\/div>\n<\/div><\/div><\/div><\/div><div class=\"vc_row-full-width vc_clearfix\"><\/div><div class=\"vc_row wpb_row vc_row-fluid vc_custom_1621326411729\"><div class=\"wpb_column vc_column_container vc_col-sm-12\"><div class=\"vc_column-inner\"><div class=\"wpb_wrapper\">\n\t<div class=\"wpb_text_column wpb_content_element\" >\n\t\t<div class=\"wpb_wrapper\">\n\t\t\t<p class=\"p1\"><span class=\"s1\">Responsable de la publication: M. LEMAIRE<\/span><\/p>\n<p class=\"p2\"><span class=\"s2\">Raison sociale de la soci\u00e9t\u00e9 exploitante :<\/span>SASU Soci\u00e9t\u00e9 par actions simplifi\u00e9e \u00e0 associ\u00e9 unique LA RESERVE<\/p>\n<p class=\"p2\"><span class=\"s2\">Num\u00e9ro individuel d\u2019identification de TVA :<\/span><span class=\"s1\"> FR04881469035<br \/>\n<\/span><span class=\"s2\">Num\u00e9ro de Siren :881469035<br \/>\n<\/span><span class=\"s2\">Capital Social: 2000\u20ac<\/span><\/p>\n<p class=\"p2\"><span class=\"s2\">INFORMATIQUE ET LIBERT\u00c9<\/span><span class=\"s1\"><br \/>\n<\/span><span class=\"s2\">Tout utilisateur ayant d\u00e9pos\u00e9 des informations directement ou indirectement nominatives dispose d\u2019un droit d\u2019acc\u00e8s et de rectification conform\u00e9ment \u00e0 la loi n\u00b0 7817 du 6\/01\/78 (Informatique et Libert\u00e9) aupr\u00e8s de l\u2019administrateur du site.<\/span><\/p>\n<p class=\"p2\"><span class=\"s2\">Liens hypertextes<\/span><span class=\"s1\"><br \/>\n<\/span><span class=\"s2\">Les sites ext\u00e9rieurs \u00e0\u00a0 SASU MA RESERVE\u00a0 ayant un lien hypertexte avec le pr\u00e9sent site ne sont pas sous contr\u00f4le de SASU MA RESERVE , qui d\u00e9cline par cons\u00e9quent toute responsabilit\u00e9 quant \u00e0 leur contenu. L\u2019utilisateur est seul responsable de leur utilisation.<\/span><\/p>\n<p class=\"p3\"><span class=\"s1\">RESPONSABILITE<\/span><\/p>\n<p class=\"p1\"><span class=\"s1\">En acc\u00e9dant \u00e0 ce site, vous \u00eates inform\u00e9 que l\u2019utilisation d\u2019Internet n\u00e9cessite le respect d\u2019un ensemble de l\u00e9gislations relatives notamment aux droits d\u2019auteur et \u00e0 la loi Informatique et Libert\u00e9s.<span class=\"s2\">SASU MA RESERVE<\/span> ne peut encourir de responsabilit\u00e9 du fait d\u2019erreurs ou d\u2019omissions, l\u2019\u00e9diteur se r\u00e9servant \u00e9galement le droit de modifier et d\u2019actualiser \u00e0 tout moment les donn\u00e9es du site.<\/span><\/p>\n<p class=\"p3\"><span class=\"s1\">COPYRIGHT<\/span><\/p>\n<p class=\"p1\"><span class=\"s1\">En application du Code Fran\u00e7ais de la Propri\u00e9t\u00e9 Intellectuelle, la reproduction pour un usage autre que priv\u00e9, la vente, la diffusion, la publication, l\u2019adaptation ou la communication, partielles ou int\u00e9grales, des donn\u00e9es (pr\u00e9sentation, agencement du site, photos, textes et illustrations prot\u00e9g\u00e9s par le droit d\u2019auteur) sont strictement soumises \u00e0 l\u2019autorisation \u00e9crite et pr\u00e9alable des d\u00e9tenteurs des droits, ci-dessus cit\u00e9s.<\/span><\/p>\n<p class=\"p3\"><span class=\"s1\">INFORMATIQUE ET LIBERT\u00c9S<\/span><\/p>\n<p class=\"p1\"><span class=\"s1\">Tout utilisateur ayant d\u00e9pos\u00e9 des informations directement ou indirectement nominatives dispose d\u2019un droit d\u2019acc\u00e8s et de rectification conform\u00e9ment \u00e0 la loi n\u00b0 7817 du 6\/01\/78 (Informatique et Libert\u00e9s) aupr\u00e8s de l\u2019administrateur du site.<\/span><\/p>\n<p class=\"p3\"><span class=\"s1\">PROTECTION DES DONNEES PERSONNELLES<\/span><\/p>\n<p class=\"p4\"><span class=\"s1\">Identit\u00e9 du responsable du traitement<\/span><\/p>\n<p class=\"p2\"><span class=\"s2\">Le Site\u00a0est \u00e9dit\u00e9 par la soci\u00e9t\u00e9 exploitante dont les coordonn\u00e9es sont ci-dessus.<\/span><span class=\"s1\"><br \/>\n<\/span><span class=\"s2\">L\u2019acc\u00e8s au site internet ainsi que l\u2019utilisation de son contenu s\u2019effectuent dans le cadre des mentions d\u2019utilisation d\u00e9crites ci-apr\u00e8s.<\/span><\/p>\n<p class=\"p4\"><span class=\"s1\">Nature des donn\u00e9es personnelles<\/span><\/p>\n<p class=\"p1\"><span class=\"s1\">Il est entendu par \u00ab\u00a0donn\u00e9e personnelle\u00a0\u00bb toute information personnelle que vous \u00eates susceptible de partager \u00e0 la soci\u00e9t\u00e9 exploitante et qui peut permettre \u00e0 cette derni\u00e8re, directement ou indirectement, de vous identifier en tant que personne physique, par exemple lors d\u2019une visite de site internet, d\u2019une demande d\u2019information, d\u2019une r\u00e9servation de chambre et autres prestations.<\/span><\/p>\n<p class=\"p4\"><span class=\"s1\">Les donn\u00e9es personnelles collect\u00e9es<\/span><\/p>\n<p class=\"p1\"><span class=\"s1\">Il peut vous \u00eatre demand\u00e9 de communiquer vos donn\u00e9es personnelles lorsque vous naviguez sur le site web de la soci\u00e9t\u00e9 exploitante.<\/span><\/p>\n<p class=\"p1\"><span class=\"s1\">Le caract\u00e8re obligatoire ou facultatif des informations demand\u00e9es vous est signal\u00e9 lors de la collecte par un ast\u00e9risque \u00ab\u00a0*\u00a0\u00bb. Les informations demand\u00e9es signal\u00e9es par un ast\u00e9risque sont obligatoires car indispensables au traitement de vos diff\u00e9rentes demandes. Les autres informations sont destin\u00e9es \u00e0 mieux vous conna\u00eetre, \u00e0 am\u00e9liorer les services qui vous sont propos\u00e9s. Elles sont, par cons\u00e9quent, facultatives.<\/span><\/p>\n<p class=\"p1\"><span class=\"s1\">La soci\u00e9t\u00e9 exploitante collecte et traite notamment vos nom, pr\u00e9nom, adresse email, adresse de facturation, num\u00e9ro de t\u00e9l\u00e9phone, adresse IP, donn\u00e9es de connexions et donn\u00e9es de navigation, vos pr\u00e9f\u00e9rences et centres d\u2019int\u00e9r\u00eats (chambre non-fumeur, chambre pr\u00e9f\u00e9r\u00e9e, type de s\u00e9jour\u2026), vos avis en ligne.<\/span><\/p>\n<p class=\"p4\"><span class=\"s1\">Quand vos donn\u00e9es personnelles sont-elles collect\u00e9es\u00a0?<\/span><\/p>\n<ul class=\"ul1\">\n<li class=\"li5\"><span class=\"s2\">Vous naviguez sur le site internet (adresse IP et Cookies) et consultez des produits ou services\u00a0;<\/span><\/li>\n<li class=\"li5\"><span class=\"s2\">Vous faites part \u00e0 la soci\u00e9t\u00e9 exploitante de vos observations\/commentaires dans certaines rubriques, via questionnaires ou formulaires de contact, page officielle des r\u00e9seaux sociaux de la soci\u00e9t\u00e9 exploitante\u00a0;<\/span><\/li>\n<li class=\"li5\"><span class=\"s2\">Vous envoyez \u00e0 la soci\u00e9t\u00e9 exploitante un message \u00e9lectronique\u00a0;<\/span><\/li>\n<li class=\"li5\"><span class=\"s2\">Vous vous inscrivez \u00e0 la liste de diffusion de la newsletter\u00a0;<\/span><\/li>\n<li class=\"li5\"><span class=\"s2\">Vous partagez une page ou une offre par envoi d\u2019un email ou par l\u2019interm\u00e9diaire d\u2019un r\u00e9seau social\u00a0;<\/span><\/li>\n<li class=\"li5\"><span class=\"s2\">Vous r\u00e9pondez \u00e0 un questionnaire de satisfaction\u00a0;<\/span><\/li>\n<li class=\"li5\"><span class=\"s2\">Vous effectuez une demande de devis.<\/span><\/li>\n<\/ul>\n<p class=\"p4\"><span class=\"s1\">Le stockage des donn\u00e9es<\/span><\/p>\n<p class=\"p1\"><span class=\"s1\">Les informations r\u00e9colt\u00e9es sont stock\u00e9es dans nos diff\u00e9rents syst\u00e8mes de r\u00e9servation sur des bases de donn\u00e9es s\u00e9curis\u00e9es et certifi\u00e9es SSL.<\/span><\/p>\n<p class=\"p1\"><span class=\"s1\">Cette base de donn\u00e9es comprend\u00a0: le nom des clients, leur adresse, leurs num\u00e9ros de t\u00e9l\u00e9phone, leur poste, le nom de leur entreprise et les donn\u00e9es de leur carte de cr\u00e9dit. Nous pouvons \u00e9galement enregistrer d\u2019autres informations telles que vos pr\u00e9f\u00e9rences concernant la chambre, les repas, les boissons et d\u2019autres services ainsi que votre historique de s\u00e9jour au sein de notre \u00e9tablissement.<\/span><\/p>\n<p class=\"p4\"><span class=\"s1\">Finalit\u00e9 de la collecte de donn\u00e9es par la soci\u00e9t\u00e9 exploitante<\/span><\/p>\n<p class=\"p1\"><span class=\"s1\">Au travers du site internet, la soci\u00e9t\u00e9 exploitante collecte les donn\u00e9es vous concernant qui sont strictement n\u00e9cessaires aux finalit\u00e9s suivantes\u00a0:<\/span><\/p>\n<ol class=\"ol1\">\n<li class=\"li5\"><span class=\"s2\">Afin de g\u00e9rer vos demandes d\u2019informations et de r\u00e9servations, ainsi que tout programme de fid\u00e9lit\u00e9\u00a0;<\/span><\/li>\n<li class=\"li5\"><span class=\"s2\">Pour am\u00e9liorer et personnaliser les services de la soci\u00e9t\u00e9 exploitante afin de faciliter votre navigation sur le site web\u00a0;<\/span><\/li>\n<li class=\"li5\"><span class=\"s2\">Pour g\u00e9rer et suivre l\u2019ensemble de la relation client\u00a0;<\/span><\/li>\n<li class=\"li5\"><span class=\"s2\">G\u00e9rer l\u2019inscription aux actualit\u00e9s et offres promotionnelles de la soci\u00e9t\u00e9 exploitante (newsletter)\u00a0;<\/span><\/li>\n<li class=\"li5\"><span class=\"s2\">Pour g\u00e9rer toutes vos demandes d\u2019acc\u00e8s selon la l\u00e9gislation en vigueur\u00a0;<\/span><\/li>\n<li class=\"li5\"><span class=\"s2\">G\u00e9rer des impay\u00e9s et du contentieux\u00a0;<\/span><\/li>\n<li class=\"li5\"><span class=\"s2\">G\u00e9rer des demandes de candidatures dans le cadre des offres d\u2019emploi de la soci\u00e9t\u00e9 exploitante qui ont retenu votre attention, ou toute demande de candidature spontan\u00e9e\u00a0;<\/span><\/li>\n<li class=\"li5\"><span class=\"s2\">La mesure de la qualit\u00e9 et de la satisfaction.<\/span><\/li>\n<\/ol>\n<p class=\"p1\"><span class=\"s1\">En l\u2019absence de r\u00e9ponse aux informations obligatoires, votre demande ne pourra \u00eatre prise en compte.<\/span><\/p>\n<p class=\"p3\"><span class=\"s1\">Engagements de la soci\u00e9t\u00e9 exploitante en mati\u00e8re de protection des donn\u00e9es personnelles<\/span><\/p>\n<p class=\"p4\"><span class=\"s1\">Transparence\u00a0et finalit\u00e9 :<\/span><\/p>\n<p class=\"p1\"><span class=\"s1\">Aucune donn\u00e9e personnelle n\u2019est ou ne sera collect\u00e9e \u00e0 votre insu. La nature facultative ou obligatoire des mentions \u00e0 communiquer \u00e0 la soci\u00e9t\u00e9 exploitante dans le cadre de la collecte effectu\u00e9e sur le site internet vous sera pr\u00e9alablement indiqu\u00e9e, via la pr\u00e9sence du symbole \u00ab\u00a0*\u00a0\u00bb ast\u00e9risque. La soci\u00e9t\u00e9 exploitante collecte et traite vos donn\u00e9es personnelles uniquement aux fins d\u00e9crites dans les pr\u00e9sentes Mentions L\u00e9gales.<\/span><\/p>\n<p class=\"p4\"><span class=\"s1\">Proportionnalit\u00e9\u00a0et pertinence :<\/span><\/p>\n<p class=\"p1\"><span class=\"s1\">La soci\u00e9t\u00e9 exploitante ne collecte et ne traite que les donn\u00e9es personnelles n\u00e9cessaires au bon traitement de votre demande ou \u00e0 la personnalisation des services qui vous sont propos\u00e9s.<\/span><\/p>\n<p class=\"p4\"><span class=\"s1\">Temps de stockage des donn\u00e9es\u00a0:<\/span><\/p>\n<p class=\"p1\"><span class=\"s1\">La soci\u00e9t\u00e9 exploitante ne conserve vos donn\u00e9es personnelles que pendant la p\u00e9riode n\u00e9cessaire \u00e0 leur traitement conform\u00e9ment \u00e0 ce qui est pr\u00e9vu par la loi applicable.<\/span><\/p>\n<p class=\"p4\"><span class=\"s1\">S\u00e9curit\u00e9 et confidentialit\u00e9\u00a0:<\/span><\/p>\n<p class=\"p1\"><span class=\"s1\">La soci\u00e9t\u00e9 exploitante s\u2019engage \u00e0 prendre les mesures n\u00e9cessaires pour garantir la confidentialit\u00e9 des donn\u00e9es et de ne pas divulguer \u00e0 des tiers non autoris\u00e9s.<\/span><\/p>\n<p class=\"p1\"><span class=\"s1\">Nous pouvons \u00eatre amen\u00e9s \u00e0 transmettre vos informations personnelles aux autorit\u00e9s locales, si cela est exig\u00e9 par la loi ou dans le cadre d\u2019une enqu\u00eate et conform\u00e9ment \u00e0 la r\u00e9glementation locale.<\/span><\/p>\n<p class=\"p1\"><span class=\"s1\">Comme la plupart des sites internet, certaines informations sont automatiquement enregistr\u00e9es via un protocole. Ces informations incluent les adresses de protocole (adresse IP), type de navigateur utilis\u00e9, le fournisseur de service internet, les pages de r\u00e9f\u00e9rence et pages finales, le syst\u00e8me d\u2019exploitation, la date, le temps et les donn\u00e9es Clickstream.<\/span><\/p>\n<p class=\"p1\"><span class=\"s1\">Les cookies n\u2019enregistrent pas les informations fournies par les utilisateurs au cours d\u2019une r\u00e9servation en ligne ou lors de l\u2019enregistrement d\u2019un compte client. Les cookies identifient votre navigateur plut\u00f4t que vous-m\u00eame et ne peuvent suffire par eux-m\u00eames \u00e0 r\u00e9v\u00e9ler votre identit\u00e9.<\/span><\/p>\n<p class=\"p4\"><span class=\"s1\">Respect de vos droits\u00a0:<\/span><\/p>\n<p class=\"p1\"><span class=\"s1\">Vous \u00eates inform\u00e9 de vos droits d\u2019interrogation, d\u2019acc\u00e8s, de rectification et d\u2019opposition pour motifs l\u00e9gitimes ainsi que de votre droit d\u2019opposition \u00e0 la prospection commerciale conform\u00e9ment aux dispositions de la loi n\u00b078-17 du 6 janvier 1978.<\/span><\/p>\n<p class=\"p4\"><span class=\"s1\">Droits d\u2019acc\u00e8s, rectification et opposition\u00a0:<\/span><\/p>\n<p class=\"p2\"><span class=\"s2\">Conform\u00e9ment \u00e0 la loi n\u00b0 78-17 du 6 janvier 1978, relative \u00e0 l\u2019Informatique, aux Fichiers et aux Libert\u00e9s, vous b\u00e9n\u00e9ficiez, sur simple demande \u00e9crite, d\u2019un droit d\u2019acc\u00e8s et de rectification sur les informations vous concernant.<\/span><span class=\"s1\"><br \/>\n<\/span><span class=\"s2\">Vous pouvez \u00e9galement, pour des motifs l\u00e9gitimes, vous opposer au traitement des donn\u00e9es vous concernant.<\/span><\/p>\n<p class=\"p1\"><span class=\"s1\">Pour exercer l\u2019un de ces droits et obtenir communication des informations vous concernant, il suffit de vous adresser \u00e0\u00a0la soci\u00e9t\u00e9 exploitante dont les coordonn\u00e9es sont accessibles en d\u00e9but de ces Mentions L\u00e9gales.<\/span><\/p>\n<p class=\"p3\"><span class=\"s1\">COOKIES<\/span><\/p>\n<p class=\"p1\"><span class=\"s1\">Lors de la consultation du site internet, certaines informations relatives \u00e0 la navigation de votre terminal sont susceptibles d\u2019\u00eatre enregistr\u00e9es dans des fichiers appel\u00e9s \u00ab\u00a0Cookies\u00a0\u00bb install\u00e9s sur votre terminal, sous r\u00e9serve des choix que vous auriez exprim\u00e9s concernant les cookies et que vous pouvez modifier \u00e0 tout moment.<\/span><\/p>\n<p class=\"p1\"><span class=\"s1\">Un cookie est un petit fichier texte enregistr\u00e9 dans un espace d\u00e9di\u00e9 du disque dur de votre terminal, \u00e0 l\u2019occasion de la consultation d\u2019un service en ligne gr\u00e2ce \u00e0 votre logiciel de navigation. Il permet \u00e0 son \u00e9metteur d\u2019identifier le terminal dans lequel il est enregistr\u00e9, pendant la dur\u00e9e de validit\u00e9 ou d\u2019enregistrement du cookie.<\/span><\/p>\n<p class=\"p1\"><span class=\"s1\">Les cookies que la soci\u00e9t\u00e9 exploitante \u00e9met sont utilis\u00e9s aux fins d\u00e9crites ci-apr\u00e8s, pendant la dur\u00e9e de validit\u00e9 du cookie concern\u00e9, sous r\u00e9serve de vos choix qui r\u00e9sultent des param\u00e8tres de votre logiciel de navigation utilis\u00e9 lors de votre visite du site internet et dont vous pouvez modifier le param\u00e9trage \u00e0 tout moment.<\/span><\/p>\n<p class=\"p1\"><span class=\"s1\">Des cookies de soci\u00e9t\u00e9s partenaires (cookies tiers) sont susceptibles d\u2019\u00eatre plac\u00e9s dans votre ordinateur via les pages du site internet<\/span><\/p>\n<p class=\"p1\"><span class=\"s1\">Seul l\u2019\u00e9metteur d\u2019un cookie est susceptible de lire ou de modifier des informations qui y sont contenues.<\/span><\/p>\n<p class=\"p1\"><span class=\"s1\">Diff\u00e9rents types de cookies sont utilis\u00e9s sur le site internet, ils ont des finalit\u00e9s diff\u00e9rentes. Certains sont n\u00e9cessaires \u00e0 votre utilisation du site internet.<\/span><\/p>\n<p class=\"p4\"><span class=\"s1\">Les cookies analytiques<\/span><\/p>\n<p class=\"p1\"><span class=\"s1\">Il s\u2019agit des cookies qui permettent \u00e0 la soci\u00e9t\u00e9 exploitante\u00a0:<\/span><\/p>\n<ul class=\"ul1\">\n<li class=\"li5\"><span class=\"s2\">de g\u00e9n\u00e9rer des statistiques et des diff\u00e9rents \u00e9l\u00e9ments composant le site web (rubriques et contenus visit\u00e9s, parcours) afin d\u2019am\u00e9liorer l\u2019exp\u00e9rience de navigation propos\u00e9e\u00a0;<\/span><\/li>\n<li class=\"li5\"><span class=\"s2\">de comptabiliser le nombre total de publicit\u00e9s affich\u00e9es par ses soins sur ses espaces publicitaires, d\u2019identifier ces publicit\u00e9s, leur nombre d\u2019affichages, le nombre de clics et informations de navigation.<\/span><\/li>\n<\/ul>\n<p class=\"p1\"><span class=\"s5\">Exemple de cookies analytiques<\/span><\/p>\n<ul class=\"ul1\">\n<li class=\"li5\"><span class=\"s2\">_ga\u00a0\u00a0\u00a0\u00a0 Analytics : enregistrement des donn\u00e9es de navigation<\/span><\/li>\n<li class=\"li5\"><span class=\"s2\">__utm Analytics : enregistrement des donn\u00e9es de navigation<\/span><\/li>\n<li class=\"li5\"><span class=\"s2\">_gac\u00a0\u00a0 Campaign : enregistrement des donn\u00e9es de navigation des campagnes publicitaires<\/span><\/li>\n<\/ul>\n<p class=\"p4\"><span class=\"s1\">Les cookies et plug-in de r\u00e9seaux sociaux (boutons sociaux)<\/span><\/p>\n<p class=\"p1\"><span class=\"s1\">La soci\u00e9t\u00e9 exploitante est susceptible d\u2019inclure sur le site web des outils de partage de contenus avec d\u2019autres personnes ou de faire conna\u00eetre \u00e0 ces autres personnes votre consultation ou votre opinion concernant un contenu de notre site. Tel est notamment le cas de boutons \u00ab Partager \u00bb, \u00ab J\u2019aime \u00bb issus de r\u00e9seaux sociaux tels que Facebook, Twitter, etc.<\/span><\/p>\n<p class=\"p1\"><span class=\"s1\">La soci\u00e9t\u00e9 exploitante n\u2019a aucun contr\u00f4le sur le processus employ\u00e9 par les r\u00e9seaux sociaux dans la collecte d\u2019informations.<\/span><\/p>\n<ul class=\"ul1\">\n<li class=\"li5\"><span class=\"s2\">Facebook Connect\u00a0: connexion en utilisant son compte Facebook<\/span><\/li>\n<li class=\"li5\"><span class=\"s2\">Facebook Social Graph\u00a0: partage de la page sur Facebook<\/span><\/li>\n<li class=\"li5\"><span class=\"s2\">Pinterest\u00a0: partage de la page sur Pinterest<\/span><\/li>\n<li class=\"li5\"><span class=\"s2\">Linkedin\u00a0: partage de la page sur Linkedin<\/span><\/li>\n<li class=\"li5\"><span class=\"s2\">Instagram\u00a0: partage de la page sur Instagram<\/span><\/li>\n<\/ul>\n<p class=\"p4\"><span class=\"s1\">Les cookies et identifiants machine aux fins de s\u00e9curisation des transactions<\/span><\/p>\n<p class=\"p1\"><span class=\"s1\">Nous vous informons que lors de votre commande, la soci\u00e9t\u00e9 exploitante, ou ses prestataires agissant pour son compte, peut d\u00e9poser des cookies ou collecter des informations relatives \u00e0 votre terminal notamment les informations (attributs techniques de s\u00e9curit\u00e9) n\u00e9cessaires \u00e0 la reconnaissance des \u00e9quipements (ordinateur, tablette ou t\u00e9l\u00e9phone portable) afin de permettre l\u2019identification de votre \u00e9quipement aux fins de s\u00e9curisation des transactions\u00a0dans votre int\u00e9r\u00eat.<\/span><\/p>\n<p class=\"p4\"><span class=\"s1\">Les cookies publicitaires<\/span><\/p>\n<p class=\"p1\"><span class=\"s1\">Les contenus publicitaires (graphisme, animations, vid\u00e9os etc.) diffus\u00e9s dans les espaces publicitaires de la soci\u00e9t\u00e9 exploitante sont susceptibles de contenir des cookies \u00e9mis par des tiers qui peuvent permettre, pendant la dur\u00e9e de validit\u00e9 des cookies, de comptabiliser les clics, mais aussi de vous proposer les publicit\u00e9s les plus adapt\u00e9es suivant votre comportement de navigation, centres d\u2019int\u00e9r\u00eats et pr\u00e9f\u00e9rences.<\/span><\/p>\n<p class=\"p1\"><span class=\"s1\">Le refus des cookies publicitaires n\u2019a pas d\u2019impact sur l\u2019utilisation du site et n\u2019entra\u00eenera pas l\u2019arr\u00eat de la publicit\u00e9 sur le site ou sur internet. Cela aura seulement pour effet d\u2019afficher une publicit\u00e9 qui ne tiendra pas compte de vos centres d\u2019int\u00e9r\u00eat ou de vos pr\u00e9f\u00e9rences.<\/span><\/p>\n<p class=\"p1\"><span class=\"s1\">Ces cookies d\u00e9pendent principalement des r\u00e9gies publicitaires. Nous ne pouvons pas les lister de mani\u00e8re exhaustive\u00a0:<\/span><\/p>\n<ul class=\"ul1\">\n<li class=\"li5\"><span class=\"s2\">AdWords\u00a0: achat de mots-cl\u00e9s sponsoris\u00e9s affich\u00e9s sur Google<\/span><\/li>\n<li class=\"li5\"><span class=\"s2\">Facebook Custom Audience<\/span><\/li>\n<li class=\"li5\"><span class=\"s2\">publicit\u00e9 cibl\u00e9e : enregistrement du parcours de navigation<\/span><\/li>\n<\/ul>\n<p class=\"p4\"><span class=\"s1\">Ciblage publicitaire<\/span><\/p>\n<p class=\"p1\"><span class=\"s1\">Le site est susceptible de contenir des cookies \u00e9mis par des tiers (agences et outils publicitaires) et de permettre \u00e0 ces derniers, pendant la dur\u00e9e de validit\u00e9 de ce cookie\u00a0de r\u00e9colter des donn\u00e9es de navigation relatives aux appareils se connectant sur nos sites, mais aussi de vous proposer des contenus publicitaires susceptibles de correspondre \u00e0 votre pr\u00e9c\u00e9dente navigation sur le site.<\/span><\/p>\n<p class=\"p1\"><span class=\"s1\">En aucun cas cette collecte de ces donn\u00e9es permet \u00e0 ces prestataires de vous identifier personnellement. Vos nom, pr\u00e9nom, nom d\u2019utilisateur, adresse postale, adresse \u00e9lectronique et mot de passe ne sont en aucun cas communiqu\u00e9s \u00e0 des tiers sans votre consentement pr\u00e9alable et explicite.<\/span><\/p>\n<p class=\"p4\"><span class=\"s1\">Vos choix concernant les cookies<\/span><\/p>\n<p class=\"p1\"><span class=\"s1\">Plusieurs possibilit\u00e9s vous sont offertes pour g\u00e9rer les cookies. Tout param\u00e9trage que vous pouvez entreprendre sera susceptible de modifier votre navigation sur internet et vos conditions d\u2019acc\u00e8s \u00e0 certains services n\u00e9cessitant l\u2019utilisation de cookies.<\/span><\/p>\n<p class=\"p4\"><span class=\"s1\">Les choix qui vous sont offerts par votre logiciel de navigation<\/span><\/p>\n<p class=\"p1\"><span class=\"s1\">Vous pouvez personnaliser votre navigateur internet (Google Chrome, Internet Explorer, Mozilla Firefox etc\u2026) de mani\u00e8re \u00e0 ce que des cookies soient enregistr\u00e9s dans votre terminal ou au contraire qu\u2019ils soient refus\u00e9s.<\/span><\/p>\n<p class=\"p4\"><span class=\"s1\">Le refus des cookies<\/span><\/p>\n<p class=\"p1\"><span class=\"s1\">Si vous refusez l\u2019enregistrement de cookies, certaines fonctionnalit\u00e9s, comme l\u2019identification \/ connexion \u00e0 votre espace personnel, la personnalisation de votre navigation (choix de la langue favorite par exemple) ne seront plus disponibles.<\/span><\/p>\n<p class=\"p1\"><span class=\"s1\">La soci\u00e9t\u00e9 exploitante d\u00e9cline toute responsabilit\u00e9 pour les cons\u00e9quences li\u00e9es au fonctionnement d\u00e9grad\u00e9 de ses services et fonctionnalit\u00e9s dues au refus du cookie.<\/span><\/p>\n<p class=\"p4\"><span class=\"s1\">Comment exercer vos choix, selon le navigateur que vous utilisez\u00a0?<\/span><\/p>\n<p class=\"p1\"><span class=\"s1\">Pour la gestion des cookies et de vos choix, la configuration de chaque navigateur est diff\u00e9rente. Elle est d\u00e9crite dans le menu d\u2019aide de votre navigateur qui vous permettra de savoir de quelle mani\u00e8re modifier vos souhaits en mati\u00e8re de cookies.<\/span><\/p>\n<p class=\"p1\"><span class=\"s5\">Pour Internet Explorer\u2122 :<\/span><\/p>\n<p class=\"p2\"><span class=\"s2\"><i>https:\/\/support.microsoft.com\/fr-fr\/help\/17442\/windows-internet-explorer-delete-manage-cookies<\/i><\/span><span class=\"s1\"><br \/>\n<\/span><span class=\"s2\">ou<\/span><\/p>\n<p class=\"p1\"><span class=\"s1\">Dans Internet Explorer, cliquez sur le bouton Outils, puis sur Options Internet. Sous l\u2019onglet G\u00e9n\u00e9ral, sous Historique de navigation, cliquez sur Param\u00e8tres. Cliquez sur le bouton Afficher les fichiers. Cliquez sur l\u2019en-t\u00eate de colonne Nom pour trier tous les fichiers dans l\u2019ordre alphab\u00e9tique, puis parcourez la liste jusqu\u2019\u00e0 ce que vous voyiez des fichiers commen\u00e7ant par le pr\u00e9fixe \u00ab\u00a0Cookie\u00a0\u00bb (tous les cookies poss\u00e8dent ce pr\u00e9fixe et contiennent habituellement le nom du site web qui a cr\u00e9\u00e9 le cookie). S\u00e9lectionnez le ou les cookies comprenant le nom de la soci\u00e9t\u00e9 exploitante et supprimez-les. Fermez la fen\u00eatre qui contient la liste des fichiers, puis cliquez deux fois sur OK pour retourner dans Internet Explorer.<\/span><\/p>\n<p class=\"p1\"><span class=\"s5\">Pour Safari\u2122 :<\/span><\/p>\n<p class=\"p2\"><span class=\"s2\"><i>https:\/\/support.apple.com\/?path=Safari\/3.0\/fr\/9277.html<\/i><\/span><span class=\"s1\"><br \/>\n<\/span><span class=\"s2\">Ou<\/span><span class=\"s1\"><br \/>\n<\/span><span class=\"s2\">Dans votre navigateur, choisissez le menu \u00c9dition &gt; Pr\u00e9f\u00e9rences. Cliquez sur S\u00e9curit\u00e9. Cliquez sur Afficher les cookies. S\u00e9lectionnez les cookies qui contiennent le nom de la soci\u00e9t\u00e9 exploitante et cliquez sur Effacer ou sur Tout effacer. Apr\u00e8s avoir supprim\u00e9 les cookies, cliquez sur Termin\u00e9.<\/span><\/p>\n<p class=\"p1\"><span class=\"s5\">Pour Chrome\u2122 :<\/span><\/p>\n<p class=\"p2\"><span class=\"s2\"><i>https:\/\/support.google.com\/chrome\/answer\/95647?hl=fr&amp;hlrm=en<\/i><\/span><span class=\"s1\"><br \/>\n<\/span><span class=\"s2\">Ou<\/span><span class=\"s1\"><br \/>\n<\/span><span class=\"s2\">Ouvrez Google\u00a0Chrome. Dans la barre d\u2019outils du navigateur, cliquez sur Plus. Placez votre curseur sur Plus d\u2019outils, puis cliquez sur Effacer les donn\u00e9es de navigation. Dans la fen\u00eatre \u00ab\u00a0Effacer les donn\u00e9es de navigation\u00a0\u00bb, cochez les cases Cookies et donn\u00e9es d\u2019autres sites ou plug-in et Images et fichiers en cache. Utilisez le menu en haut pour s\u00e9lectionner la quantit\u00e9 de donn\u00e9es que vous souhaitez supprimer. S\u00e9lectionnez Depuis le d\u00e9but pour tout supprimer. Cliquez sur Effacer les donn\u00e9es de navigation.<\/span><\/p>\n<p class=\"p1\"><span class=\"s5\">Pour Firefox\u2122 :<\/span><\/p>\n<p class=\"p2\"><span class=\"s2\"><i>https:\/\/support.mozilla.org\/fr\/kb\/activer-desactiver-cookies-preferences<\/i><\/span><span class=\"s1\"><br \/>\n<\/span><span class=\"s2\">Ou<\/span><span class=\"s1\"><br \/>\n<\/span><span class=\"s2\">Allez dans l\u2019onglet \u00ab\u00a0Outils\u00a0\u00bb du navigateur puis s\u00e9lectionnez le menu \u00ab\u00a0Options\u00a0\u00bb. Dans la fen\u00eatre qui s\u2019affiche, choisissez \u00ab\u00a0Vie priv\u00e9e\u00a0\u00bb et cliquez sur\u00a0\u00ab\u00a0supprimer des cookies sp\u00e9cifiques\u00a0\u00bb. Rep\u00e9rez les fichiers qui contiennent le nom de la soci\u00e9t\u00e9 exploitante. S\u00e9lectionnez les et supprimez les.<\/span><\/p>\n<p class=\"p4\"><span class=\"s1\">Pour plus d\u2019information sur les cookies<\/span><\/p>\n<p class=\"p1\"><span class=\"s1\">La soci\u00e9t\u00e9 exploitante vous invite \u00e0 consulter le site de la CNIL \u00e0 l\u2019adresse suivante\u00a0:\u00a0<i>https:\/\/www.cnil.fr\/fr\/cookies-les-outils-pour-les-maitriser<\/i><\/span><\/p>\n<p class=\"p4\"><span class=\"s1\">Saisie du M\u00e9diateur de la consommation<\/span><\/p>\n<p class=\"p2\"><span class=\"s2\">Conform\u00e9ment aux Articles L. 616-1 et R. 111-1 6\u00b0 du Code de la consommation, le client est en droit de saisir le M\u00e9diateur du Tourisme et du Voyage, dont les coordonn\u00e9es sont actuellement les suivantes :<\/span><span class=\"s1\"><br \/>\n<\/span><span class=\"s2\">M\u00e9diateur Tourisme Voyage,<\/span><span class=\"s1\"><br \/>\n<\/span><span class=\"s2\">MTV M\u00e9diation Tourisme Voyage<\/span><span class=\"s1\"><br \/>\n<\/span><span class=\"s2\">BP 80 303<\/span><span class=\"s1\"><br \/>\n<\/span><span class=\"s2\">75823 Paris Cedex 17<\/span><\/p>\n<p class=\"p6\"><span class=\"s6\">Conception du site<\/span><span class=\"s7\"><br \/>\n<a href=\"https:\/\/hotel-webdesign.com\/\"><span class=\"s8\">Cr\u00e9ation de sites h\u00f4teliers<\/span><\/a><br \/>\n<a href=\"https:\/\/www.france-webdesign.com\/\"><span class=\"s8\">Cr\u00e9ation de sites professionnels<\/span><\/a><br \/>\n<\/span><span class=\"s6\">128, rue de la bo\u00e9tie<\/span><span class=\"s7\"><br \/>\n<\/span><span class=\"s6\">75008 PARIS<\/span><\/p>\n<p class=\"p7\"><span class=\"s2\">Hebergeur:<\/span><span class=\"s1\"><br \/>\n<\/span><span class=\"s2\">OVH \u2013 2 rue Kellermann BP 80157<\/span><span class=\"s1\"><br \/>\n<\/span><span class=\"s2\">59100 Roubaix<\/span><span class=\"s1\"><br \/>\n<\/span><span class=\"s2\">Telephone: 1007<\/span><\/p>\n\n\t\t<\/div>\n\t<\/div>\n<\/div><\/div><\/div><\/div><div class=\"vc_row wpb_row vc_row-fluid vc_custom_1621326426142\"><div class=\"wpb_column vc_column_container vc_col-sm-12\"><div class=\"vc_column-inner\"><div class=\"wpb_wrapper\">\n\t<div class=\"wpb_text_column wpb_content_element\" >\n\t\t<div class=\"wpb_wrapper\">\n\t\t\t<p><img loading=\"lazy\" decoding=\"async\" class=\"alignnone wp-image-3000 size-medium\" src=\"https:\/\/www.lareservedelaube.com\/wp-content\/uploads\/2021\/05\/unnamed-5-e1621326046764-300x115.jpg\" alt=\"\" width=\"300\" height=\"115\" srcset=\"https:\/\/www.lareservedelaube.com\/wp-content\/uploads\/2021\/05\/unnamed-5-e1621326046764-300x115.jpg 300w, https:\/\/www.lareservedelaube.com\/wp-content\/uploads\/2021\/05\/unnamed-5-e1621326046764-600x230.jpg 600w, https:\/\/www.lareservedelaube.com\/wp-content\/uploads\/2021\/05\/unnamed-5-e1621326046764-1024x393.jpg 1024w, https:\/\/www.lareservedelaube.com\/wp-content\/uploads\/2021\/05\/unnamed-5-e1621326046764-768x294.jpg 768w, https:\/\/www.lareservedelaube.com\/wp-content\/uploads\/2021\/05\/unnamed-5-e1621326046764.jpg 1445w\" sizes=\"auto, (max-width: 300px) 100vw, 300px\" \/> <img loading=\"lazy\" decoding=\"async\" class=\"alignnone wp-image-3004\" style=\"vertical-align: top!important;\" src=\"https:\/\/www.lareservedelaube.com\/wp-content\/uploads\/2021\/05\/logo_no_border-300x215.png\" alt=\"\" width=\"153\" height=\"109\" srcset=\"https:\/\/www.lareservedelaube.com\/wp-content\/uploads\/2021\/05\/logo_no_border-300x215.png 300w, https:\/\/www.lareservedelaube.com\/wp-content\/uploads\/2021\/05\/logo_no_border-600x430.png 600w, https:\/\/www.lareservedelaube.com\/wp-content\/uploads\/2021\/05\/logo_no_border-768x550.png 768w, https:\/\/www.lareservedelaube.com\/wp-content\/uploads\/2021\/05\/logo_no_border.png 927w\" sizes=\"auto, (max-width: 153px) 100vw, 153px\" \/><\/p>\n\n\t\t<\/div>\n\t<\/div>\n<\/div><\/div><\/div><\/div>\n<\/div>","protected":false},"excerpt":{"rendered":"Mentions l\u00e9gales Responsable de la publication: M. LEMAIRE Raison sociale de la soci\u00e9t\u00e9 exploitante :SASU Soci\u00e9t\u00e9 par actions simplifi\u00e9e \u00e0 associ\u00e9 unique LA RESERVE Num\u00e9ro individuel d\u2019identification de TVA : FR04881469035 Num\u00e9ro de Siren :881469035 Capital Social: 2000\u20ac INFORMATIQUE ET LIBERT\u00c9 Tout utilisateur ayant d\u00e9pos\u00e9 des informations directement ou indirectement nominatives dispose d\u2019un droit d\u2019acc\u00e8s [...]","protected":false},"author":1,"featured_media":0,"parent":0,"menu_order":0,"comment_status":"closed","ping_status":"closed","template":"","meta":{"footnotes":""},"class_list":["post-2838","page","type-page","status-publish","hentry"],"yoast_head":"<!-- This site is optimized with the Yoast SEO plugin v27.5 - https:\/\/yoast.com\/product\/yoast-seo-wordpress\/ -->\n<title>Mentions l\u00e9gales - La R\u00e9serve de l&#039;Aube<\/title>\n<meta name=\"description\" content=\"Contactez et reserver \u00e0 La R\u00e9serve de l&#039;Aube, h\u00e9bergement insolite, logement en Champagne. Id\u00e9al s\u00e9jour en amoureux\" \/>\n<meta name=\"robots\" content=\"index, follow, max-snippet:-1, max-image-preview:large, max-video-preview:-1\" \/>\n<link rel=\"canonical\" href=\"https:\/\/www.lareservedelaube.com\/fr\/mentions-legales\/\" \/>\n<meta property=\"og:locale\" content=\"fr_FR\" \/>\n<meta property=\"og:type\" content=\"article\" \/>\n<meta property=\"og:title\" content=\"Mentions l\u00e9gales - La R\u00e9serve de l&#039;Aube\" \/>\n<meta property=\"og:description\" content=\"Contactez et reserver \u00e0 La R\u00e9serve de l&#039;Aube, h\u00e9bergement insolite, logement en Champagne. Id\u00e9al s\u00e9jour en amoureux\" \/>\n<meta property=\"og:url\" content=\"https:\/\/www.lareservedelaube.com\/fr\/mentions-legales\/\" \/>\n<meta property=\"og:site_name\" content=\"La R\u00e9serve de l&#039;Aube\" \/>\n<meta property=\"article:modified_time\" content=\"2024-01-25T16:32:57+00:00\" \/>\n<meta property=\"og:image\" content=\"https:\/\/www.lareservedelaube.com\/wp-content\/uploads\/2021\/05\/unnamed-5-e1621326046764-300x115.jpg\" \/>\n<meta name=\"twitter:card\" content=\"summary_large_image\" \/>\n<meta name=\"twitter:label1\" content=\"Dur\u00e9e de lecture estim\u00e9e\" \/>\n\t<meta name=\"twitter:data1\" content=\"12 minutes\" \/>\n<script type=\"application\/ld+json\" class=\"yoast-schema-graph\">{\"@context\":\"https:\\\/\\\/schema.org\",\"@graph\":[{\"@type\":\"WebPage\",\"@id\":\"https:\\\/\\\/www.lareservedelaube.com\\\/fr\\\/mentions-legales\\\/\",\"url\":\"https:\\\/\\\/www.lareservedelaube.com\\\/fr\\\/mentions-legales\\\/\",\"name\":\"Mentions l\u00e9gales - La R\u00e9serve de l&#039;Aube\",\"isPartOf\":{\"@id\":\"https:\\\/\\\/www.lareservedelaube.com\\\/#website\"},\"primaryImageOfPage\":{\"@id\":\"https:\\\/\\\/www.lareservedelaube.com\\\/fr\\\/mentions-legales\\\/#primaryimage\"},\"image\":{\"@id\":\"https:\\\/\\\/www.lareservedelaube.com\\\/fr\\\/mentions-legales\\\/#primaryimage\"},\"thumbnailUrl\":\"https:\\\/\\\/www.lareservedelaube.com\\\/wp-content\\\/uploads\\\/2021\\\/05\\\/unnamed-5-e1621326046764-300x115.jpg\",\"datePublished\":\"2017-06-30T07:48:28+00:00\",\"dateModified\":\"2024-01-25T16:32:57+00:00\",\"description\":\"Contactez et reserver \u00e0 La R\u00e9serve de l'Aube, h\u00e9bergement insolite, logement en Champagne. Id\u00e9al s\u00e9jour en amoureux\",\"breadcrumb\":{\"@id\":\"https:\\\/\\\/www.lareservedelaube.com\\\/fr\\\/mentions-legales\\\/#breadcrumb\"},\"inLanguage\":\"fr-FR\",\"potentialAction\":[{\"@type\":\"ReadAction\",\"target\":[\"https:\\\/\\\/www.lareservedelaube.com\\\/fr\\\/mentions-legales\\\/\"]}]},{\"@type\":\"ImageObject\",\"inLanguage\":\"fr-FR\",\"@id\":\"https:\\\/\\\/www.lareservedelaube.com\\\/fr\\\/mentions-legales\\\/#primaryimage\",\"url\":\"https:\\\/\\\/www.lareservedelaube.com\\\/wp-content\\\/uploads\\\/2021\\\/05\\\/unnamed-5-e1621326046764-300x115.jpg\",\"contentUrl\":\"https:\\\/\\\/www.lareservedelaube.com\\\/wp-content\\\/uploads\\\/2021\\\/05\\\/unnamed-5-e1621326046764-300x115.jpg\"},{\"@type\":\"BreadcrumbList\",\"@id\":\"https:\\\/\\\/www.lareservedelaube.com\\\/fr\\\/mentions-legales\\\/#breadcrumb\",\"itemListElement\":[{\"@type\":\"ListItem\",\"position\":1,\"name\":\"Accueil\",\"item\":\"https:\\\/\\\/www.lareservedelaube.com\\\/\"},{\"@type\":\"ListItem\",\"position\":2,\"name\":\"Mentions l\u00e9gales\"}]},{\"@type\":\"WebSite\",\"@id\":\"https:\\\/\\\/www.lareservedelaube.com\\\/#website\",\"url\":\"https:\\\/\\\/www.lareservedelaube.com\\\/\",\"name\":\"La R\u00e9serve de l&#039;Aube\",\"description\":\"H\u00e9bergements insolites en Champagne\",\"potentialAction\":[{\"@type\":\"SearchAction\",\"target\":{\"@type\":\"EntryPoint\",\"urlTemplate\":\"https:\\\/\\\/www.lareservedelaube.com\\\/?s={search_term_string}\"},\"query-input\":{\"@type\":\"PropertyValueSpecification\",\"valueRequired\":true,\"valueName\":\"search_term_string\"}}],\"inLanguage\":\"fr-FR\"}]}<\/script>\n<!-- \/ Yoast SEO plugin. -->","yoast_head_json":{"title":"Mentions l\u00e9gales - La R\u00e9serve de l&#039;Aube","description":"Contactez et reserver \u00e0 La R\u00e9serve de l'Aube, h\u00e9bergement insolite, logement en Champagne. Id\u00e9al s\u00e9jour en amoureux","robots":{"index":"index","follow":"follow","max-snippet":"max-snippet:-1","max-image-preview":"max-image-preview:large","max-video-preview":"max-video-preview:-1"},"canonical":"https:\/\/www.lareservedelaube.com\/fr\/mentions-legales\/","og_locale":"fr_FR","og_type":"article","og_title":"Mentions l\u00e9gales - La R\u00e9serve de l&#039;Aube","og_description":"Contactez et reserver \u00e0 La R\u00e9serve de l'Aube, h\u00e9bergement insolite, logement en Champagne. Id\u00e9al s\u00e9jour en amoureux","og_url":"https:\/\/www.lareservedelaube.com\/fr\/mentions-legales\/","og_site_name":"La R\u00e9serve de l&#039;Aube","article_modified_time":"2024-01-25T16:32:57+00:00","og_image":[{"url":"https:\/\/www.lareservedelaube.com\/wp-content\/uploads\/2021\/05\/unnamed-5-e1621326046764-300x115.jpg","type":"","width":"","height":""}],"twitter_card":"summary_large_image","twitter_misc":{"Dur\u00e9e de lecture estim\u00e9e":"12 minutes"},"schema":{"@context":"https:\/\/schema.org","@graph":[{"@type":"WebPage","@id":"https:\/\/www.lareservedelaube.com\/fr\/mentions-legales\/","url":"https:\/\/www.lareservedelaube.com\/fr\/mentions-legales\/","name":"Mentions l\u00e9gales - La R\u00e9serve de l&#039;Aube","isPartOf":{"@id":"https:\/\/www.lareservedelaube.com\/#website"},"primaryImageOfPage":{"@id":"https:\/\/www.lareservedelaube.com\/fr\/mentions-legales\/#primaryimage"},"image":{"@id":"https:\/\/www.lareservedelaube.com\/fr\/mentions-legales\/#primaryimage"},"thumbnailUrl":"https:\/\/www.lareservedelaube.com\/wp-content\/uploads\/2021\/05\/unnamed-5-e1621326046764-300x115.jpg","datePublished":"2017-06-30T07:48:28+00:00","dateModified":"2024-01-25T16:32:57+00:00","description":"Contactez et reserver \u00e0 La R\u00e9serve de l'Aube, h\u00e9bergement insolite, logement en Champagne. Id\u00e9al s\u00e9jour en amoureux","breadcrumb":{"@id":"https:\/\/www.lareservedelaube.com\/fr\/mentions-legales\/#breadcrumb"},"inLanguage":"fr-FR","potentialAction":[{"@type":"ReadAction","target":["https:\/\/www.lareservedelaube.com\/fr\/mentions-legales\/"]}]},{"@type":"ImageObject","inLanguage":"fr-FR","@id":"https:\/\/www.lareservedelaube.com\/fr\/mentions-legales\/#primaryimage","url":"https:\/\/www.lareservedelaube.com\/wp-content\/uploads\/2021\/05\/unnamed-5-e1621326046764-300x115.jpg","contentUrl":"https:\/\/www.lareservedelaube.com\/wp-content\/uploads\/2021\/05\/unnamed-5-e1621326046764-300x115.jpg"},{"@type":"BreadcrumbList","@id":"https:\/\/www.lareservedelaube.com\/fr\/mentions-legales\/#breadcrumb","itemListElement":[{"@type":"ListItem","position":1,"name":"Accueil","item":"https:\/\/www.lareservedelaube.com\/"},{"@type":"ListItem","position":2,"name":"Mentions l\u00e9gales"}]},{"@type":"WebSite","@id":"https:\/\/www.lareservedelaube.com\/#website","url":"https:\/\/www.lareservedelaube.com\/","name":"La R\u00e9serve de l&#039;Aube","description":"H\u00e9bergements insolites en Champagne","potentialAction":[{"@type":"SearchAction","target":{"@type":"EntryPoint","urlTemplate":"https:\/\/www.lareservedelaube.com\/?s={search_term_string}"},"query-input":{"@type":"PropertyValueSpecification","valueRequired":true,"valueName":"search_term_string"}}],"inLanguage":"fr-FR"}]}},"_links":{"self":[{"href":"https:\/\/www.lareservedelaube.com\/fr\/wp-json\/wp\/v2\/pages\/2838","targetHints":{"allow":["GET"]}}],"collection":[{"href":"https:\/\/www.lareservedelaube.com\/fr\/wp-json\/wp\/v2\/pages"}],"about":[{"href":"https:\/\/www.lareservedelaube.com\/fr\/wp-json\/wp\/v2\/types\/page"}],"author":[{"embeddable":true,"href":"https:\/\/www.lareservedelaube.com\/fr\/wp-json\/wp\/v2\/users\/1"}],"replies":[{"embeddable":true,"href":"https:\/\/www.lareservedelaube.com\/fr\/wp-json\/wp\/v2\/comments?post=2838"}],"version-history":[{"count":0,"href":"https:\/\/www.lareservedelaube.com\/fr\/wp-json\/wp\/v2\/pages\/2838\/revisions"}],"wp:attachment":[{"href":"https:\/\/www.lareservedelaube.com\/fr\/wp-json\/wp\/v2\/media?parent=2838"}],"curies":[{"name":"wp","href":"https:\/\/api.w.org\/{rel}","templated":true}]}}